{"version":"1.0","type":"rich","provider_name":"OberpfalzECHO","provider_url":"https:\/\/oberpfalzecho.de","title":"Neue Fl\u00fcchtlingsberatung in Eslarn gestartet","html":"<a href=\"https:\/\/oberpfalzecho.de\/menschen\/neue-fluechtlingsberatung-in-eslarn-gestartet\" class=\"embed-preview\"><img src=\"https:\/\/redaktion.oberpfalzecho.de\/wp-content\/uploads\/2024\/10\/Neue-Fluechtlingsberatung-in-Eslarn-gestartet-scaled.jpg\" alt=\"\"><div><strong>Neue Fl\u00fcchtlingsberatung in Eslarn gestartet<\/strong><p>Eslarn. Die Fl\u00fcchtlings- und Integrationsberatung der Caritas Weiden bietet nun auch Au\u00dfensprechstunden in Eslarn an, um Migranten bei der Integration zu unterst\u00fctzen.  <\/p><\/div><\/a>","width":600,"height":338}