{"version":"1.0","type":"rich","provider_name":"OberpfalzECHO","provider_url":"https:\/\/oberpfalzecho.de","title":"Neues Prinzenpaar regiert in Pleystein","html":"<a href=\"https:\/\/oberpfalzecho.de\/menschen\/neues-prinzenpaar-regiert-in-pleystein\" class=\"embed-preview\"><img src=\"https:\/\/redaktion.oberpfalzecho.de\/wp-content\/uploads\/2025\/11\/Neues-Prinzenpaar-regiert-in-Pleystein-scaled.jpg\" alt=\"\"><div><strong>Neues Prinzenpaar regiert in Pleystein<\/strong><p>Pleystein. Prinz Fabian I. und Prinzessin Janine I. \u00fcbernehmen die Regentschaft im Pulverland: Proklamation am Samstag, 15. November, um 17.17 Uhr im Rathaus. B\u00fcrgermeister Rainer Rewitzer \u00fcbergibt symbolisch den Schl\u00fcssel.<\/p><\/div><\/a>","width":600,"height":338}