{"version":"1.0","type":"rich","provider_name":"OberpfalzECHO","provider_url":"https:\/\/oberpfalzecho.de","title":"Patrick Schr\u00f6der II: Die Verwechslung","html":"<a href=\"https:\/\/oberpfalzecho.de\/menschen\/patrick-schroeder-ii-die-verwechslung\" class=\"embed-preview\"><img src=\"https:\/\/redaktion.oberpfalzecho.de\/wp-content\/uploads\/2023\/07\/Patrick-Schroeder-Nuernberg-060723-OE-02.jpg\" alt=\"\"><div><strong>Patrick Schr\u00f6der II: Die Verwechslung<\/strong><p>N\u00fcrnberg. Nomen ist beileibe nicht immer Omen. Was es bedeutet, Opfer einer Verwechslung mit einem gleichlautenden Namen zu werden, durchlebt derzeit der N\u00fcrnberger Patrick Schr\u00f6der. Manche halten den Elektroniker f\u00fcr den stellvertretenden NPD-Landesvorsitzenden aus Mantel. <\/p><\/div><\/a>","width":600,"height":338}