{"version":"1.0","type":"rich","provider_name":"OberpfalzECHO","provider_url":"https:\/\/oberpfalzecho.de","title":"Rekordjahr f\u00fcr die Feuerwehr Parkstein","html":"<a href=\"https:\/\/oberpfalzecho.de\/menschen\/rekordjahr-fuer-die-feuerwehr-parkstein\" class=\"embed-preview\"><img src=\"https:\/\/redaktion.oberpfalzecho.de\/wp-content\/uploads\/2022\/01\/Ehrenkommandanten.jpg\" alt=\"\"><div><strong>Rekordjahr f\u00fcr die Feuerwehr Parkstein<\/strong><p>Parkstein. Die Feuerwehr Parkstein kann in der Jahreshauptversammlung auf ein sehr ereignisreiches Jahr zur\u00fcckblicken. H\u00f6hepunkt des Abends war die Ernennung der Ehrenkommandanten. Nach der Begr\u00fc\u00dfung durch Vorsitzenden Markus Werner wurde [&hellip;]<\/p><\/div><\/a>","width":600,"height":338}