{"version":"1.0","type":"rich","provider_name":"OberpfalzECHO","provider_url":"https:\/\/oberpfalzecho.de","title":"Sitzm\u00f6bel \"Made in Kemnath\" f\u00fcr den Ministerpr\u00e4sidenten","html":"<a href=\"https:\/\/oberpfalzecho.de\/menschen\/sitzmoebel-made-in-kemnath-fuer-den-ministerpraesidenten\" class=\"embed-preview\"><img src=\"https:\/\/redaktion.oberpfalzecho.de\/wp-content\/uploads\/2023\/02\/Stuehle-Kemnath-Soeder-6-scaled.jpg\" alt=\"\"><div><strong>Sitzm\u00f6bel \"Made in Kemnath\" f\u00fcr den Ministerpr\u00e4sidenten<\/strong><p>Kemnath. Die individuell gestalteten St\u00fchle aus dem Inklusionsprojekt \u201eKemnaths KinderKunst\u201c stehen hoch im Kurs. Nach Elke B\u00fcdenbender, der Gattin des Bundespr\u00e4sidenten, durfte nun auch Ministerpr\u00e4sident Markus S\u00f6der einen Stuhl aus Kemnath in Empfang nehmen. <\/p><\/div><\/a>","width":600,"height":338}