{"version":"1.0","type":"rich","provider_name":"OberpfalzECHO","provider_url":"https:\/\/oberpfalzecho.de","title":"Start der Internationalen Wochen gegen Rassismus 2026 in Weiden","html":"<a href=\"https:\/\/oberpfalzecho.de\/menschen\/start-der-internationalen-wochen-gegen-rassismus-2026-in-weiden\" class=\"embed-preview\"><img src=\"https:\/\/redaktion.oberpfalzecho.de\/wp-content\/uploads\/2022\/01\/Weiden_Internationaler_Tag_gegen_Rassismus.jpg\" alt=\"\"><div><strong>Start der Internationalen Wochen gegen Rassismus 2026 in Weiden<\/strong><p>Weiden. Vom 14. bis 27. M\u00e4rz 2026 setzen lokale Partner bei den Internationalen Wochen gegen Rassismus ein Zeichen unter dem Motto 100% Menschenw\u00fcrde. Vortr\u00e4ge, Gespr\u00e4che und ein Fest laden ein, f\u00fcr Menschenw\u00fcrde einzustehen.<\/p><\/div><\/a>","width":600,"height":338}