{"version":"1.0","type":"rich","provider_name":"OberpfalzECHO","provider_url":"https:\/\/oberpfalzecho.de","title":"Stra\u00dfenumfrage: Das sagen die Weidener zum sozialen Pflichtjahr","html":"<a href=\"https:\/\/oberpfalzecho.de\/menschen\/strassenumfrage-das-sagen-die-weidener-zum-sozialen-pflichtjahr\" class=\"embed-preview\"><img src=\"https:\/\/redaktion.oberpfalzecho.de\/wp-content\/uploads\/2022\/11\/Colllage_Umfrage_Beitragsbild.jpg\" alt=\"\"><div><strong>Stra\u00dfenumfrage: Das sagen die Weidener zum sozialen Pflichtjahr<\/strong><p>Weiden. Bei einer bundesweiten Umfrage haben sich 45 Prozent der 16- bis 35-J\u00e4hrigen f\u00fcr ein verpflichtendes soziales Jahr ausgesprochen. Wie stehen die Oberpf\u00e4lzer einem Arbeitseinsatz in Altenheimen oder Pflegeeinrichtungen gegen\u00fcber?<\/p><\/div><\/a>","width":600,"height":338}