{"version":"1.0","type":"rich","provider_name":"OberpfalzECHO","provider_url":"https:\/\/oberpfalzecho.de","title":"Waldthurner Bayernfans gestalten Feriennachmittag","html":"<a href=\"https:\/\/oberpfalzecho.de\/menschen\/waldthurner-bayernfans-gestalten-feriennachmittag\" class=\"embed-preview\"><img src=\"https:\/\/redaktion.oberpfalzecho.de\/wp-content\/uploads\/2024\/08\/DSC_0013-33a0249a34dd1bd1cdd8b2717241fcd4-scaled.jpg\" alt=\"\"><div><strong>Waldthurner Bayernfans gestalten Feriennachmittag<\/strong><p>Waldthurn. \u201eFC Bayern \u2013 Stern des S\u00fcdens\u201c \u2013 Die Hymne der M\u00fcnchner Fu\u00dfballclubs schallte zur Begr\u00fc\u00dfung \u00fcber das FSV-Sportgel\u00e4nde. <\/p><\/div><\/a>","width":600,"height":338}