{"version":"1.0","type":"rich","provider_name":"OberpfalzECHO","provider_url":"https:\/\/oberpfalzecho.de","title":"Weiherhammer: Gro\u00dfe Trauer um Stefan Koller","html":"<a href=\"https:\/\/oberpfalzecho.de\/menschen\/weiherhammer-grosse-trauer-um-stefan-koller\" class=\"embed-preview\"><img src=\"https:\/\/redaktion.oberpfalzecho.de\/wp-content\/uploads\/2025\/10\/Gemeinde-Weiherhammer-nimmt-Abschied-von-Stefan-Koller-scaled.jpg\" alt=\"\"><div><strong>Weiherhammer: Gro\u00dfe Trauer um Stefan Koller<\/strong><p>Weiherhammer. Die Gemeinde trauert um den 50-j\u00e4hrigen Stefan Koller, dessen Trauerfeier Familie, Kollegen und Verein nutzten, um seine Menschlichkeit, St\u00e4rke und Hilfsbereitschaft zu w\u00fcrdigen.<\/p><\/div><\/a>","width":600,"height":338}