{"version":"1.0","type":"rich","provider_name":"OberpfalzECHO","provider_url":"https:\/\/oberpfalzecho.de","title":"300 Arbeitspl\u00e4tze f\u00fcr Weiden: Staatsregierung verlegt Beh\u00f6rde","html":"<a href=\"https:\/\/oberpfalzecho.de\/politik\/300-arbeitsplaetze-fuer-weiden-staatsregierung-verlegt-behoerde\" class=\"embed-preview\"><img src=\"https:\/\/redaktion.oberpfalzecho.de\/wp-content\/uploads\/2022\/01\/Soeder-1.jpg\" alt=\"\"><div><strong>300 Arbeitspl\u00e4tze f\u00fcr Weiden: Staatsregierung verlegt Beh\u00f6rde<\/strong><p>Nordoberpfalz. Das Landesamt f\u00fcr Finanzen kommt nach Weiden und sorgt so f\u00fcr rund 300 neue Arbeitspl\u00e4tze in der Nordoberpfalz. Das verk\u00fcndete Ministerpr\u00e4sident Markus S\u00f6der heute in seiner Grundsatzrede bei der [&hellip;]<\/p><\/div><\/a>","width":600,"height":338}