{"version":"1.0","type":"rich","provider_name":"OberpfalzECHO","provider_url":"https:\/\/oberpfalzecho.de","title":"Adrian K\u00e4\u00df aus Friedenfels in JU-Landesvorstand gew\u00e4hlt","html":"<a href=\"https:\/\/oberpfalzecho.de\/politik\/adrian-kaess-aus-friedenfels-in-ju-landesvorstand-gewaehlt\" class=\"embed-preview\"><img src=\"https:\/\/redaktion.oberpfalzecho.de\/wp-content\/uploads\/2025\/10\/Adrian-Kaess-aus-Friedenfels-in-JU-Landesvorstand-gewaehlt-scaled.jpg\" alt=\"\"><div><strong>Adrian K\u00e4\u00df aus Friedenfels in JU-Landesvorstand gew\u00e4hlt<\/strong><p>Friedenfels. Bei der diesj\u00e4hrigen Landesversammlung der Jungen Union Bayern in Aschaffenburg wurde Adrian K\u00e4\u00df in den Landesvorstand gew\u00e4hlt. Der stellvertretende JU-Kreisvorsitzende aus Friedenfels wird k\u00fcnftig als Beisitzer die Arbeit des gr\u00f6\u00dften politischen Jugendverbandes in Bayern aktiv mitgestalten.<\/p><\/div><\/a>","width":600,"height":338}