{"version":"1.0","type":"rich","provider_name":"OberpfalzECHO","provider_url":"https:\/\/oberpfalzecho.de","title":"Bertram Fleck spricht \u00fcber Energiewende in Weiden","html":"<a href=\"https:\/\/oberpfalzecho.de\/politik\/bertram-fleck-spricht-ueber-energiewende-in-weiden\" class=\"embed-preview\"><img src=\"https:\/\/redaktion.oberpfalzecho.de\/wp-content\/uploads\/2025\/11\/Bertram-Fleck-1.jpg\" alt=\"\"><div><strong>Bertram Fleck spricht \u00fcber Energiewende in Weiden<\/strong><p>Weiden. Am 5. November 2025 um 19 Uhr l\u00e4dt ein Vortrag von Landrat a.D. Bertram Fleck im Caf\u00e9 Mitte zum Thema Energiewende ein. Am Beispiel des Rhein-Hunsr\u00fcck-Kreises folgt nach dem Impuls eine Diskussion mit Dr. Benjamin Zeitler.<\/p><\/div><\/a>","width":600,"height":338}