{"version":"1.0","type":"rich","provider_name":"OberpfalzECHO","provider_url":"https:\/\/oberpfalzecho.de","title":"Diskussion mit dem Bundespr\u00e4sidenten im Caf\u00e9 Mitte","html":"<a href=\"https:\/\/oberpfalzecho.de\/politik\/diskussion-mit-dem-bundespraesidenten-im-cafe-mitte\" class=\"embed-preview\"><img src=\"https:\/\/redaktion.oberpfalzecho.de\/wp-content\/uploads\/2024\/06\/IMG_023848-scaled.jpg\" alt=\"\"><div><strong>Diskussion mit dem Bundespr\u00e4sidenten im Caf\u00e9 Mitte<\/strong><p>Weiden. Zw\u00f6lf ausgew\u00e4hlte B\u00fcrger hatten die Gelegenheit, zu verschiedenen Themen mit dem Bundespr\u00e4sidenten zu diskutieren. Das Staatsoberhaupt war sehr angetan von dem lebhaften Gedankenaustausch.<\/p><\/div><\/a>","width":600,"height":338}