{"version":"1.0","type":"rich","provider_name":"OberpfalzECHO","provider_url":"https:\/\/oberpfalzecho.de","title":"Europapolitisches Sommergespr\u00e4ch der Mittelstands-Union","html":"<a href=\"https:\/\/oberpfalzecho.de\/politik\/europapolitisches-sommergespraech-der-mittelstands-union\" class=\"embed-preview\"><img src=\"https:\/\/redaktion.oberpfalzecho.de\/wp-content\/uploads\/2025\/08\/MU.jpg\" alt=\"\"><div><strong>Europapolitisches Sommergespr\u00e4ch der Mittelstands-Union<\/strong><p>Weiherhammer, 30. Juli 2025. Bei einem europapolitischen Sommergespr\u00e4ch diskutierten f\u00fchrende Politiker \u00fcber Herausforderungen und Zukunftschancen f\u00fcr kleine und mittelst\u00e4ndische Unternehmen sowie regionale Entwicklungen.<\/p><\/div><\/a>","width":600,"height":338}