{"version":"1.0","type":"rich","provider_name":"OberpfalzECHO","provider_url":"https:\/\/oberpfalzecho.de","title":"Gedenkkundgebung in Amberg f\u00fcr Klaus-Peter Beer","html":"<a href=\"https:\/\/oberpfalzecho.de\/politik\/gedenkkundgebung-in-amberg-fuer-klaus-peter-beer\" class=\"embed-preview\"><img src=\"https:\/\/redaktion.oberpfalzecho.de\/wp-content\/uploads\/2026\/09\/Gedenkkundgebung-in-Amberg-fuer-Klaus-Peter-Beer-scaled-bba-crop-scaled.jpg\" alt=\"\"><div><strong>Gedenkkundgebung in Amberg f\u00fcr Klaus-Peter Beer<\/strong><p>Amberg. Das B\u00fcndnis gegen das Vergessen l\u00e4dt am 7. September 2026 um 18 Uhr zur Gedenkkundgebung f\u00fcr Klaus-Peter Beer am Multifunktionsplatz, der symbolisch zum Klaus-Peter-Beer-Platz wird.<\/p><\/div><\/a>","width":600,"height":338}