{"version":"1.0","type":"rich","provider_name":"OberpfalzECHO","provider_url":"https:\/\/oberpfalzecho.de","title":"Oberpfalz und Franken k\u00e4mpfen gemeinsam f\u00fcr L\u00e4rmschutz","html":"<a href=\"https:\/\/oberpfalzecho.de\/politik\/gemeinsam-fuer-laermschutz\" class=\"embed-preview\"><img src=\"https:\/\/redaktion.oberpfalzecho.de\/wp-content\/uploads\/2022\/01\/DSC0904.jpg\" alt=\"\"><div><strong>Oberpfalz und Franken k\u00e4mpfen gemeinsam f\u00fcr L\u00e4rmschutz<\/strong><p>Weiden. Viele wichtige Leute haben sich gestern getroffen. Zur zweiten Fachkonferenz zum Ausbau der Eisenbahnstrecke &#8220;Oberpfalz &#8211; Oberfranken &#8211; Magistrale&#8221;. Die Strecke Hof &#8211; Marktredwitz &#8211; Weiden &#8211; Schwandorf &#8211; [&hellip;]<\/p><\/div><\/a>","width":600,"height":338}