{"version":"1.0","type":"rich","provider_name":"OberpfalzECHO","provider_url":"https:\/\/oberpfalzecho.de","title":"Gr\u00fcne laden zum Gespr\u00e4ch \u00fcber psychische Gesundheit in Weiden","html":"<a href=\"https:\/\/oberpfalzecho.de\/politik\/gruene-laden-zum-gespraech-ueber-psychische-gesundheit-in-weiden\" class=\"embed-preview\"><img src=\"https:\/\/redaktion.oberpfalzecho.de\/wp-content\/uploads\/2025\/10\/Mental-Health-1.png\" alt=\"\"><div><strong>Gr\u00fcne laden zum Gespr\u00e4ch \u00fcber psychische Gesundheit in Weiden<\/strong><p>Weiden. Die Gr\u00fcnen-Landtagsfraktion l\u00e4dt am Montag, 20. Oktober, 18 Uhr, ins Caf\u00e9 Mitte zum Gespr\u00e4ch \u201ePsychische Gesundheit geht uns alle an\u201c mit G\u00e4sten aus Medizin, Seelsorge und Erfahrung ein.<\/p><\/div><\/a>","width":600,"height":338}