{"version":"1.0","type":"rich","provider_name":"OberpfalzECHO","provider_url":"https:\/\/oberpfalzecho.de","title":"KAB stellt sich auf st\u00fcrmische Zeiten ein","html":"<a href=\"https:\/\/oberpfalzecho.de\/politik\/kab-stellt-sich-auf-stuermische-zeiten-ein\" class=\"embed-preview\"><img src=\"https:\/\/redaktion.oberpfalzecho.de\/wp-content\/uploads\/2026\/01\/9f04f388-KAB-Kreisverband-2-scaled.jpg\" alt=\"\"><div><strong>KAB stellt sich auf st\u00fcrmische Zeiten ein<\/strong><p>Weiden. Beim Jahresr\u00fcckblick des KAB-Kreisverbandes spricht  Di\u00f6zesansekret\u00e4r Markus Nickl den aktuellen Stand der Entwicklungen an. <\/p><\/div><\/a>","width":600,"height":338}