{"version":"1.0","type":"rich","provider_name":"OberpfalzECHO","provider_url":"https:\/\/oberpfalzecho.de","title":"Neuer SPD-Bezirksvorsitzender: Ein Europ\u00e4er f\u00fcr die Oberpfalz","html":"<a href=\"https:\/\/oberpfalzecho.de\/politik\/neuer-spd-bezirksvorsitzender-ein-europaeer-fuer-die-oberpfalz-2\" class=\"embed-preview\"><img src=\"https:\/\/redaktion.oberpfalzecho.de\/wp-content\/uploads\/2022\/02\/EU-Strassburg-Ertug-OE01.jpg\" alt=\"\"><div><strong>Neuer SPD-Bezirksvorsitzender: Ein Europ\u00e4er f\u00fcr die Oberpfalz<\/strong><p>Regensburg\/Weiden. Seit Samstag ist es amtlich: Die neue Oberpf\u00e4lzer SPD-Doppelspitze ist j\u00fcnger, weiblicher, europ\u00e4ischer. Der Amberger Europaabgeordnete Ismail Ertug (46) und die Regensburger Bundestagsabgeordnete Carolin Wagner (40) folgen dem Urgestein Franz Schindler. Im Interview schildert Ertug seine Pl\u00e4ne. <\/p><\/div><\/a>","width":600,"height":338}