{"version":"1.0","type":"rich","provider_name":"OberpfalzECHO","provider_url":"https:\/\/oberpfalzecho.de","title":"Richard Reisinger zum 60.: \u201eIdealbild eines b\u00fcrgernahen\u201c Landrats","html":"<a href=\"https:\/\/oberpfalzecho.de\/politik\/richard-reisinger-zum-60-idealbild-eines-buergernahen-landrats\" class=\"embed-preview\"><img src=\"https:\/\/redaktion.oberpfalzecho.de\/wp-content\/uploads\/2024\/05\/Landrat_Richard_Reisinger_AS_11-scaled.jpg\" alt=\"\"><div><strong>Richard Reisinger zum 60.: \u201eIdealbild eines b\u00fcrgernahen\u201c Landrats<\/strong><p>Amberg. Der dienst\u00e4lteste Oberpf\u00e4lzer Landrat feiert am heutigen Dienstag seinen 60. Typisch Richard Reisinger: \u201eVormittag bin ich nur f\u00fcr meine Mitarbeiter da, ab 16 Uhr freue ich mich \u00fcber Gratulanten im K\u00f6nig-Ruprecht-Saal.\u201c Einige Kollegen gratulieren schon mal im OberpfalzECHO.<\/p><\/div><\/a>","width":600,"height":338}