{"version":"1.0","type":"rich","provider_name":"OberpfalzECHO","provider_url":"https:\/\/oberpfalzecho.de","title":"Stiftung warnt in M\u00fcnchen vor Relativierung der NS-Verbrechen","html":"<a href=\"https:\/\/oberpfalzecho.de\/politik\/stiftung-warnt-in-muenchen-vor-relativierung-der-ns-verbrechen\" class=\"embed-preview\"><img src=\"https:\/\/redaktion.oberpfalzecho.de\/wp-content\/uploads\/2026\/09\/0ccdfcc3-Freller-kein-Logo-ernst-scaled.jpg\" alt=\"\"><div><strong>Stiftung warnt in M\u00fcnchen vor Relativierung der NS-Verbrechen<\/strong><p>M\u00fcnchen. Die Stiftung Bayerische Gedenkst\u00e4tten warnt vor einer Relativierung der NS-Verbrechen und kritisiert einen AfD-Vorsto\u00df zur Neuausrichtung der Erinnerungskultur. Direktor Karl Freller fordert klare Haltung.<\/p><\/div><\/a>","width":600,"height":338}