{"version":"1.0","type":"rich","provider_name":"OberpfalzECHO","provider_url":"https:\/\/oberpfalzecho.de","title":"Weiden als Modellregion f\u00fcr \u00d6ffnungen?","html":"<a href=\"https:\/\/oberpfalzecho.de\/politik\/weiden-als-modellregion-fuer-oeffnungen\" class=\"embed-preview\"><img src=\"https:\/\/redaktion.oberpfalzecho.de\/wp-content\/uploads\/2022\/01\/Christoph_Skutella_MdL_FDP_Weiden.jpg\" alt=\"\"><div><strong>Weiden als Modellregion f\u00fcr \u00d6ffnungen?<\/strong><p>Weiden. Nach der Regierungserkl\u00e4rung von Ministerpr\u00e4sident Markus S\u00f6der fordert der Weidener Landtagsabgeordnete Christoph Skutella (FDP) die Stadt als Modellregion f\u00fcr \u00d6ffnungen ins Spiel zu bringen. <\/p><\/div><\/a>","width":600,"height":338}