{"version":"1.0","type":"rich","provider_name":"OberpfalzECHO","provider_url":"https:\/\/oberpfalzecho.de","title":"Windkraft-Streit in Parkstein: Jetzt haben die Gegner das Wort","html":"<a href=\"https:\/\/oberpfalzecho.de\/politik\/windkraft-streit-in-parkstein-jetzt-haben-die-gegner-das-wort\" class=\"embed-preview\"><img src=\"https:\/\/redaktion.oberpfalzecho.de\/wp-content\/uploads\/2026\/09\/55bd99ef-IMG_5171-scaled.jpeg\" alt=\"\"><div><strong>Windkraft-Streit in Parkstein: Jetzt haben die Gegner das Wort<\/strong><p>Parkstein. Kurz vor dem B\u00fcrgerentscheid in Parkstein legt die \u201eB\u00fcrgerinitiative Windparkfreie Heimat Parkstein\u201c ihre Position dar.\u00a0Sie betont: Gegen Windkraft grunds\u00e4tzlich sei man nicht. Die Kritik richte sich gegen den Standort, die Wirtschaftlichkeit des Projekts und m\u00f6gliche finanzielle Risiken f\u00fcr die Gemeinde.<\/p><\/div><\/a>","width":600,"height":338}