{"version":"1.0","type":"rich","provider_name":"OberpfalzECHO","provider_url":"https:\/\/oberpfalzecho.de","title":"Windpark-Debatte in Schlammersdorf entfacht","html":"<a href=\"https:\/\/oberpfalzecho.de\/politik\/windpark-debatte-in-schlammersdorf-entfacht\" class=\"embed-preview\"><img src=\"https:\/\/redaktion.oberpfalzecho.de\/wp-content\/uploads\/2024\/12\/Windpark-Debatte-in-Schlammersdorf-entfacht-scaled.jpg\" alt=\"\"><div><strong>Windpark-Debatte in Schlammersdorf entfacht<\/strong><p>Schlammersdorf. Windr\u00e4der in den Privatw\u00e4ldern? Menschen- und naturvertr\u00e4glich soll die Errichtung von Windr\u00e4dern sein. Eine gewisse Goldgr\u00e4berstimmung l\u00e4sst dieses Credo hintan stehen, wie in vielen Kommunen festzustellen ist. <\/p><\/div><\/a>","width":600,"height":338}