{"version":"1.0","type":"rich","provider_name":"OberpfalzECHO","provider_url":"https:\/\/oberpfalzecho.de","title":"SpVgg SV Weiden kommt in Eichst\u00e4tt m\u00e4chtig unter die R\u00e4der","html":"<a href=\"https:\/\/oberpfalzecho.de\/sport\/spvgg-sv-weiden-kommt-eichstaett-maechtig-unter-die-raeder\" class=\"embed-preview\"><img src=\"https:\/\/redaktion.oberpfalzecho.de\/wp-content\/uploads\/2022\/01\/Fussball-Kicken-Umkleide-Sport-Rasen-Fussballplatz.jpg\" alt=\"\"><div><strong>SpVgg SV Weiden kommt in Eichst\u00e4tt m\u00e4chtig unter die R\u00e4der<\/strong><p>Weiden. Weidener Fu\u00dfball-Bayernligist verliert beim Spitzenreiter mit 0:6 (0:3) \u2013 Abwehrverhalten der Schwarz-Blauen nicht gegeben. Von Stephan Landgraf Derbe Schlappe f\u00fcr den Fu\u00dfball-Bayernligisten SpVgg SV Weiden: Die Schwarz-Blauen kamen am [&hellip;]<\/p><\/div><\/a>","width":600,"height":338}