{"version":"1.0","type":"rich","provider_name":"OberpfalzECHO","provider_url":"https:\/\/oberpfalzecho.de","title":"\"Kampfmaschine\" st\u00fcrmt f\u00fcr den EV Weiden","html":"<a href=\"https:\/\/oberpfalzecho.de\/sport\/tom-pauker-stuermt-fuer-den-ev-weiden\" class=\"embed-preview\"><img src=\"https:\/\/redaktion.oberpfalzecho.de\/wp-content\/uploads\/2022\/01\/Thomas_Siller_links_und_Tom_Pauker.jpg\" alt=\"\"><div><strong>\"Kampfmaschine\" st\u00fcrmt f\u00fcr den EV Weiden<\/strong><p>Weiden. Der Eishockey-Oberligist EV Weiden hat am Wochenende Angreifer Tom Pauker unter Vertrag genommen. Der 22-J\u00e4hrige kommt aus der DEL2 vom EC Bad Nauheim.\u00a0Mit dem 22-j\u00e4hrigen Fl\u00fcgelst\u00fcrmer Tom Pauker haben [&hellip;]<\/p><\/div><\/a>","width":600,"height":338}