{"version":"1.0","type":"rich","provider_name":"OberpfalzECHO","provider_url":"https:\/\/oberpfalzecho.de","title":"15 Jahre Auto-Teile-P\u00f6llath: Prominenz beim Firmenfest","html":"<a href=\"https:\/\/oberpfalzecho.de\/wirtschaft\/15-jahre-auto-teile-poellath-prominenz-beim-firmenfest\" class=\"embed-preview\"><img src=\"https:\/\/redaktion.oberpfalzecho.de\/wp-content\/uploads\/2022\/01\/Pressefoto.jpg\" alt=\"\"><div><strong>15 Jahre Auto-Teile-P\u00f6llath: Prominenz beim Firmenfest<\/strong><p>Pressath\/Kirchenthumbach. Anl\u00e4sslich des 15-j\u00e4hrigen Firmenbestehens hatte ATP Auto-Teile-P\u00f6llath zu einer gro\u00dfen Jubil\u00e4umsveranstaltung auf dem Firmengel\u00e4nde seines Logistik-Zentrums in Pressath eingeladen. Zu Gast waren auch einige prominente Gesichter: Es moderierte SPORT1 [&hellip;]<\/p><\/div><\/a>","width":600,"height":338}