{"version":"1.0","type":"rich","provider_name":"OberpfalzECHO","provider_url":"https:\/\/oberpfalzecho.de","title":"Ausgliederungen bei \u201ePhilatelie\u201c sorgen f\u00fcr \u00c4rger","html":"<a href=\"https:\/\/oberpfalzecho.de\/wirtschaft\/ausgliederungen-bei-philatelie-sorgen-weiter-fuer-aerger\" class=\"embed-preview\"><img src=\"https:\/\/redaktion.oberpfalzecho.de\/wp-content\/uploads\/2022\/01\/P1170345.jpg\" alt=\"\"><div><strong>Ausgliederungen bei \u201ePhilatelie\u201c sorgen f\u00fcr \u00c4rger<\/strong><p>Weiden.\u00a0Die Ausgliederung von \u00fcber 170 Besch\u00e4ftigten in der sogenannten \u201ePhilatelie\u201c in Weiden sorgt nicht nur f\u00fcr Existenz\u00e4ngste bei den Besch\u00e4ftigten, sondern auch f\u00fcr \u00c4rger in der Politik. Der SPD-Bundestagsabgeordnete Uli [&hellip;]<\/p><\/div><\/a>","width":600,"height":338}