{"version":"1.0","type":"rich","provider_name":"OberpfalzECHO","provider_url":"https:\/\/oberpfalzecho.de","title":"\u201eElly\u201c-Delegation bei Festakt in Landshut","html":"<a href=\"https:\/\/oberpfalzecho.de\/wirtschaft\/elly-delegation-bei-festakt-in-landshut\" class=\"embed-preview\"><img src=\"https:\/\/redaktion.oberpfalzecho.de\/wp-content\/uploads\/2022\/01\/Festakt-3a.jpg\" alt=\"\"><div><strong>\u201eElly\u201c-Delegation bei Festakt in Landshut<\/strong><p>Weiden\/Landshut. Zu einem hochkar\u00e4tig besetzten Festakt waren die 50 Sozialwissenschaftlichen Gymnasien Bayerns nach Landshut eingeladen. Anlass war das 50-j\u00e4hrige Jubil\u00e4um der Gr\u00fcndung des gymnasialen Zweigs im Herbst 1965. Wie das [&hellip;]<\/p><\/div><\/a>","width":600,"height":338}