{"version":"1.0","type":"rich","provider_name":"OberpfalzECHO","provider_url":"https:\/\/oberpfalzecho.de","title":"Gartenm\u00f6beltrends 2023: Das Fach-Zentrum  Knorr hat sie!","html":"<a href=\"https:\/\/oberpfalzecho.de\/wirtschaft\/gartenmoebeltrends-2023-das-fach-zentrum-knorr-hat-sie\" class=\"embed-preview\"><img src=\"https:\/\/redaktion.oberpfalzecho.de\/wp-content\/uploads\/2023\/03\/Ziegler_Eisen_Knorr_Garten_-Foto-David-Trott1-scaled.jpg\" alt=\"\"><div><strong>Gartenm\u00f6beltrends 2023: Das Fach-Zentrum  Knorr hat sie!<\/strong><p>[Advertorial] Weiden. Das Fr\u00fchjahr kommt. Nix wie raus auf die Terrasse und in den Garten. Das Fach-Zentrum Knorr hilft beim Versch\u00f6nern und Wohlf\u00fchlen. Die Erlebniswelt Garten in der Pressather Stra\u00dfe hat dazu die aktuellen Trends.<\/p><\/div><\/a>","width":600,"height":338}