{"version":"1.0","type":"rich","provider_name":"OberpfalzECHO","provider_url":"https:\/\/oberpfalzecho.de","title":"IHK-Gremium stellt sich bei MdB Uli Gr\u00f6tsch vor","html":"<a href=\"https:\/\/oberpfalzecho.de\/wirtschaft\/ihk-gremium-stellt-sich-bei-mdb-uli-groetsch-vor\" class=\"embed-preview\"><img src=\"https:\/\/redaktion.oberpfalzecho.de\/wp-content\/uploads\/2022\/01\/20160719_Bild_Groetsch_Fuerbringer.jpg\" alt=\"\"><div><strong>IHK-Gremium stellt sich bei MdB Uli Gr\u00f6tsch vor<\/strong><p>Weiden.\u00a0Die Nordoberpfalz kann nur gemeinsam punkten. Dar\u00fcber waren sich der Bundestagsabgeordnete Uli Gr\u00f6tsch und der neue IHK-Gremiumsvorsitzende Bernd F\u00fcrbringer bei einem ersten Kennenlernen einig. \u201eDie regionale Wirtschaft w\u00fcnscht sich ein [&hellip;]<\/p><\/div><\/a>","width":600,"height":338}