{"version":"1.0","type":"rich","provider_name":"OberpfalzECHO","provider_url":"https:\/\/oberpfalzecho.de","title":"Ist mein Auto fit f\u00fcr den Urlaub?","html":"<a href=\"https:\/\/oberpfalzecho.de\/wirtschaft\/ist-mein-auto-fit-fuer-den-urlaub\" class=\"embed-preview\"><img src=\"https:\/\/redaktion.oberpfalzecho.de\/wp-content\/uploads\/2022\/01\/vw-camper-336606_1280.jpg\" alt=\"\"><div><strong>Ist mein Auto fit f\u00fcr den Urlaub?<\/strong><p>[Advertorial] Weiden. Bald ist es soweit. Nur noch ein paar Wochen und dann hei\u00dft es endlich wieder: Sommerferien! Ab in den S\u00fcden! Aber ist Ihr Auto wirklich fit f\u00fcr die [&hellip;]<\/p><\/div><\/a>","width":600,"height":338}