{"version":"1.0","type":"rich","provider_name":"OberpfalzECHO","provider_url":"https:\/\/oberpfalzecho.de","title":"Neuer Gesch\u00e4ftsf\u00fchrer bei Witt Weiden","html":"<a href=\"https:\/\/oberpfalzecho.de\/wirtschaft\/johann-kiener-geschaeftsfuehrung-witt-weiden\" class=\"embed-preview\"><img src=\"https:\/\/redaktion.oberpfalzecho.de\/wp-content\/uploads\/2022\/01\/Johann-Kiener-Geschaeftsfuehrer-Witt-Gruppe-Weiden-.jpg\" alt=\"\"><div><strong>Neuer Gesch\u00e4ftsf\u00fchrer bei Witt Weiden<\/strong><p>Weiden.\u00a0Johann Kiener tritt in die Gesch\u00e4ftsf\u00fchrung der Witt-Gruppe ein. Johann Kiener (49) wird mit Wirkung zum 1. April 2020 in die Gesch\u00e4ftsf\u00fchrung der Witt-Gruppe berufen und \u00fcbernimmt einen neu geschaffenen [&hellip;]<\/p><\/div><\/a>","width":600,"height":338}