{"version":"1.0","type":"rich","provider_name":"OberpfalzECHO","provider_url":"https:\/\/oberpfalzecho.de","title":"MdB Uli Gr\u00f6tsch besucht die Agentur f\u00fcr Arbeit in Weiden","html":"<a href=\"https:\/\/oberpfalzecho.de\/wirtschaft\/mdb-uli-groetsch-besucht-die-agentur-fuer-arbeit-in-weiden\" class=\"embed-preview\"><img src=\"https:\/\/redaktion.oberpfalzecho.de\/wp-content\/uploads\/2022\/01\/DSC_1994-e1709620998195.jpg\" alt=\"\"><div><strong>MdB Uli Gr\u00f6tsch besucht die Agentur f\u00fcr Arbeit in Weiden<\/strong><p>Weiden. Zu einem Informations-Treffen begr\u00fc\u00dfte der Vorsitzende der Gesch\u00e4ftsf\u00fchrung der Agentur f\u00fcr Arbeit Weiden, Thomas W\u00fcrdinger, den Bundestagsabgeordneten Uli Gr\u00f6tsch in der Arbeitsagentur in Weiden. Von J\u00fcrgen Wilke Der Bestand [&hellip;]<\/p><\/div><\/a>","width":600,"height":338}