{"version":"1.0","type":"rich","provider_name":"OberpfalzECHO","provider_url":"https:\/\/oberpfalzecho.de","title":"Mittelstandsunion kl\u00e4rt \u00fcber Datenschutzgrundverordunung auf","html":"<a href=\"https:\/\/oberpfalzecho.de\/wirtschaft\/mittelstandsunion-klaert-ueber-datenschutzgrundverordunung-auf\" class=\"embed-preview\"><div><strong>Mittelstandsunion kl\u00e4rt \u00fcber Datenschutzgrundverordunung auf<\/strong><p>Altenstadt\/WN. Seit Mai schwebt das Gespenst in Form der Datenschutzgrundverordnung (DSGVO) herum und hinterl\u00e4sst ein Gef\u00fchl der Unsicherheit bei kleinen und mittleren Unternehmen: Droht eine Abmahnwelle? Wie beeintr\u00e4chtigt diese DSGVO [&hellip;]<\/p><\/div><\/a>","width":600,"height":338}