{"version":"1.0","type":"rich","provider_name":"OberpfalzECHO","provider_url":"https:\/\/oberpfalzecho.de","title":"Neue Schnelllades\u00e4ule st\u00e4rkt E-Mobilit\u00e4t und Wirtschaft","html":"<a href=\"https:\/\/oberpfalzecho.de\/wirtschaft\/neue-schnellladesaeule-staerkt-e-mobilitaet-und-wirtschaft\" class=\"embed-preview\"><img src=\"https:\/\/redaktion.oberpfalzecho.de\/wp-content\/uploads\/2025\/09\/Neue-Schnellladesaeule-staerkt-E-Mobilitaet-und-Wirtschaft.jpg\" alt=\"\"><div><strong>Neue Schnelllades\u00e4ule st\u00e4rkt E-Mobilit\u00e4t und Wirtschaft<\/strong><p>Amberg. Neue 300-kW-Schnelllades\u00e4ule in der Marienstra\u00dfe er\u00f6ffnet, 24\/7 nutzbar, nun acht Schnelllader in der Stadt und weitere AC-Punkte geplant.<\/p><\/div><\/a>","width":600,"height":338}