{"version":"1.0","type":"rich","provider_name":"OberpfalzECHO","provider_url":"https:\/\/oberpfalzecho.de","title":"Sozial- und Arbeitsrecht im Umschwung","html":"<a href=\"https:\/\/oberpfalzecho.de\/wirtschaft\/sozial-und-arbeitsrecht-im-umschwung\" class=\"embed-preview\"><img src=\"https:\/\/redaktion.oberpfalzecho.de\/wp-content\/uploads\/2022\/01\/Barmer-Weiden-Seminar-Info.jpg\" alt=\"\"><div><strong>Sozial- und Arbeitsrecht im Umschwung<\/strong><p>Neustadt\/WN. Im neuen Jahr kommen auf die Unternehmen zahlreiche \u00c4nderungen im Sozial- und Arbeitsrecht zu. Etwa bei der Br\u00fcckenteilzeit, der parit\u00e4tischen Finanzierung des Zusatzbeitrags in der gesetzlichen Krankenversicherung oder den [&hellip;]<\/p><\/div><\/a>","width":600,"height":338}