{"version":"1.0","type":"rich","provider_name":"OberpfalzECHO","provider_url":"https:\/\/oberpfalzecho.de","title":"Virtuell oder reell \u2013 OTH bereit f\u00fcr das Sommersemester","html":"<a href=\"https:\/\/oberpfalzecho.de\/wirtschaft\/virtuell-oder-reell-oth-bereit-fuer-das-sommersemester\" class=\"embed-preview\"><img src=\"https:\/\/redaktion.oberpfalzecho.de\/wp-content\/uploads\/2022\/01\/20200401_14_Digitales_Sommersemester.jpg\" alt=\"\"><div><strong>Virtuell oder reell \u2013 OTH bereit f\u00fcr das Sommersemester<\/strong><p>Weiden\/Amberg. Das Sommersemester soll erst am 20.April starten. Falls Pr\u00e4senzveranstaltungen dann immer noch nicht m\u00f6glich seien, habe sich die OTH virtuell vorbereitet. Die ersten sonnigen Tage mit fr\u00fchlingshaften Temperaturen. Normalerweise [&hellip;]<\/p><\/div><\/a>","width":600,"height":338}